{"id":9469,"date":"2024-03-04T13:39:57","date_gmt":"2024-03-04T12:39:57","guid":{"rendered":"https:\/\/serviceportal.designwerk.com\/news\/"},"modified":"2024-11-14T09:30:20","modified_gmt":"2024-11-14T08:30:20","slug":"news","status":"publish","type":"page","link":"https:\/\/serviceportal.designwerk.com\/en\/news\/","title":{"rendered":"News"},"content":{"rendered":"<div class=\"fusion-fullwidth fullwidth-box fusion-builder-row-1 fusion-flex-container has-pattern-background has-mask-background hundred-percent-fullwidth non-hundred-percent-height-scrolling global-blog-section\" style=\"--link_color: var(--awb-color1);--awb-border-radius-top-left:0px;--awb-border-radius-top-right:0px;--awb-border-radius-bottom-right:0px;--awb-border-radius-bottom-left:0px;--awb-padding-right-small:0px;--awb-padding-left-small:0px;--awb-flex-wrap:wrap;\" ><div class=\"fusion-builder-row fusion-row fusion-flex-align-items-flex-start fusion-flex-content-wrap\" style=\"width:104% !important;max-width:104% !important;margin-left: calc(-4% \/ 2 );margin-right: calc(-4% \/ 2 );\"><div class=\"fusion-layout-column fusion_builder_column fusion-builder-column-0 fusion_builder_column_1_4 1_4 fusion-flex-column fusion-flex-align-self-stretch\" style=\"--awb-padding-top:40px;--awb-padding-right:50px;--awb-padding-bottom:00px;--awb-padding-left:50px;--awb-bg-color:#000000;--awb-bg-color-hover:#000000;--awb-bg-size:cover;--awb-width-large:25%;--awb-margin-top-large:0px;--awb-spacing-right-large:7.68%;--awb-margin-bottom-large:0px;--awb-spacing-left-large:0px;--awb-width-medium:25%;--awb-order-medium:0;--awb-spacing-right-medium:7.68%;--awb-spacing-left-medium:0px;--awb-width-small:100%;--awb-order-small:0;--awb-spacing-right-small:1.92%;--awb-spacing-left-small:1.92%;\"><div class=\"fusion-column-wrapper fusion-column-has-shadow fusion-flex-justify-content-flex-start fusion-content-layout-column\"><nav class=\"awb-menu awb-menu_column awb-menu_em-hover mobile-mode-always-expanded awb-menu_icons-left awb-menu_dc-yes mobile-trigger-fullwidth-off awb-menu_mobile-toggle awb-menu_indent-left awb-menu_mt-align-flex-start loading mega-menu-loading awb-menu_desktop awb-menu_dropdown awb-menu_expand-right awb-menu_transition-fade\" style=\"--awb-gap:20px;--awb-justify-content:space-evenly;--awb-color:#ffffff;--awb-active-color:#ffffff;--awb-main-justify-content:flex-start;--awb-mobile-bg:rgba(255,255,255,0);--awb-mobile-color:#ffffff;--awb-mobile-justify:flex-start;--awb-mobile-caret-left:auto;--awb-mobile-caret-right:0;--awb-fusion-font-family-typography:inherit;--awb-fusion-font-style-typography:normal;--awb-fusion-font-weight-typography:400;--awb-fusion-font-family-submenu-typography:inherit;--awb-fusion-font-style-submenu-typography:normal;--awb-fusion-font-weight-submenu-typography:400;--awb-fusion-font-family-mobile-typography:inherit;--awb-fusion-font-style-mobile-typography:normal;--awb-fusion-font-weight-mobile-typography:400;\" aria-label=\"Menu\" data-breakpoint=\"1024\" data-count=\"0\" data-transition-type=\"fade\" data-transition-time=\"300\" data-expand=\"right\"><button type=\"button\" class=\"awb-menu__m-toggle awb-menu__m-toggle_no-text\" aria-expanded=\"false\" aria-controls=\"menu-sidebar-menu-news-de\"><span class=\"awb-menu__m-toggle-inner\"><span class=\"collapsed-nav-text\"><span class=\"screen-reader-text\">Toggle Navigation<\/span><\/span><span class=\"awb-menu__m-collapse-icon awb-menu__m-collapse-icon_no-text\"><span class=\"awb-menu__m-collapse-icon-open awb-menu__m-collapse-icon-open_no-text fa-bars fas\"><\/span><span class=\"awb-menu__m-collapse-icon-close awb-menu__m-collapse-icon-close_no-text fa-times fas\"><\/span><\/span><\/span><\/button><ul id=\"menu-account-englisch\" class=\"fusion-menu awb-menu__main-ul awb-menu__main-ul_column\"><li  id=\"menu-item-10005\"  class=\"menu-item menu-item-type-post_type menu-item-object-page menu-item-home menu-item-10005 awb-menu__li awb-menu__main-li awb-menu__main-li_regular\"  data-item-id=\"10005\"><span class=\"awb-menu__main-background-default awb-menu__main-background-default_fade\"><\/span><span class=\"awb-menu__main-background-active awb-menu__main-background-active_fade\"><\/span><a  href=\"https:\/\/serviceportal.designwerk.com\/en\/\" class=\"awb-menu__main-a awb-menu__main-a_regular\"><span class=\"menu-text\">Portal<\/span><\/a><\/li><\/ul><\/nav><div class=\"fusion-separator fusion-full-width-sep\" style=\"align-self: center;margin-left: auto;margin-right: auto;margin-top:60px;margin-bottom:20px;width:100%;\"><div class=\"fusion-separator-border sep-single sep-solid\" style=\"--awb-height:20px;--awb-amount:20px;--awb-sep-color:var(--awb-color4);border-color:var(--awb-color4);border-top-width:2px;\"><\/div><\/div><\/div><\/div><div class=\"fusion-layout-column fusion_builder_column fusion-builder-column-1 fusion_builder_column_3_4 3_4 fusion-flex-column right-data-col\" style=\"--awb-padding-top:40px;--awb-padding-bottom:40px;--awb-padding-right-small:30px;--awb-padding-left-small:30px;--awb-bg-size:cover;--awb-width-large:75%;--awb-margin-top-large:0px;--awb-spacing-right-large:2.56%;--awb-margin-bottom-large:0px;--awb-spacing-left-large:2.56%;--awb-width-medium:75%;--awb-order-medium:0;--awb-spacing-right-medium:2.56%;--awb-spacing-left-medium:2.56%;--awb-width-small:100%;--awb-order-small:1;--awb-spacing-right-small:1.92%;--awb-spacing-left-small:1.92%;\"><div class=\"fusion-column-wrapper fusion-column-has-shadow fusion-flex-justify-content-flex-start fusion-content-layout-column\"><div class=\"fusion-separator\" style=\"align-self: flex-start;margin-right:auto;width:100%;max-width:30px;\"><div class=\"fusion-separator-border sep-single sep-solid\" style=\"--awb-height:20px;--awb-amount:20px;--awb-sep-color:#000000;border-color:#000000;border-top-width:2px;\"><\/div><\/div><div class=\"fusion-title title fusion-title-1 fusion-sep-none fusion-title-text fusion-title-size-one\" style=\"--awb-text-color:#000000;--awb-margin-bottom:50px;--awb-margin-top-small:10px;--awb-margin-right-small:0px;--awb-margin-bottom-small:10px;--awb-margin-left-small:0px;--awb-font-size:45px;\"><h1 class=\"fusion-title-heading title-heading-left fusion-responsive-typography-calculated\" style=\"margin:0;font-size:1em;--fontSize:45;line-height:var(--awb-typography1-line-height);\">News about the portal<\/h1><\/div><div class=\"fusion-blog-shortcode fusion-blog-shortcode-1 fusion-blog-archive fusion-blog-layout-grid-wrapper fusion-blog-no\"><style type=\"text\/css\">.fusion-blog-shortcode-1 .fusion-blog-layout-grid .fusion-post-grid{padding:20px;}.fusion-blog-shortcode-1 .fusion-posts-container{margin-left: -20px !important; margin-right:-20px !important;}<\/style><div class=\"fusion-posts-container fusion-posts-container-no fusion-blog-layout-grid fusion-blog-layout-grid-3 isotope fusion-blog-equal-heights\" data-pages=\"1\" data-grid-col-space=\"40\" style=\"margin: -20px -20px 0;min-height:500px;\"><article id=\"blog-1-post-12257\" class=\"fusion-post-grid post-12257 post type-post status-publish format-link has-post-thumbnail hentry category-e-truck category-low-cab-en category-mid-high-cab-en category-portalupdates-en post_format-post-format-link\">\n<div class=\"fusion-post-wrapper\" style=\"background-color:rgba(255,255,255,0);border:1px solid var(--awb-color2);border-bottom-width:3px;\">\n\n\t\t\t<div class=\"fusion-flexslider flexslider fusion-flexslider-loading fusion-post-slideshow\" style=\"border-color:var(--awb-color2);\">\n\t\t<ul class=\"slides\">\n\t\t\t\n\t\t\t\t\t\t\t\t\t\t\t\t\t\t<li><div  class=\"fusion-image-wrapper\" aria-haspopup=\"true\">\n\t\t\t\t\t\t\t<a href=\"https:\/\/serviceportal.designwerk.com\/en\/technews-september-2024\/\" aria-label=\"Technews &#8211; September 2024\">\n\t\t\t\t\t\t\t<img decoding=\"async\" width=\"2560\" height=\"1600\" src=\"https:\/\/serviceportal.designwerk.com\/wp-content\/uploads\/elektro-lkw-finanzierung-header-scaled.jpg\" class=\"attachment-full size-full wp-post-image\" alt=\"Electric Truck Financing Header Scaled\" srcset=\"https:\/\/serviceportal.designwerk.com\/wp-content\/uploads\/elektro-lkw-finanzierung-header-200x125.jpg 200w, https:\/\/serviceportal.designwerk.com\/wp-content\/uploads\/elektro-lkw-finanzierung-header-400x250.jpg 400w, https:\/\/serviceportal.designwerk.com\/wp-content\/uploads\/elektro-lkw-finanzierung-header-600x375.jpg 600w, https:\/\/serviceportal.designwerk.com\/wp-content\/uploads\/elektro-lkw-finanzierung-header-800x500.jpg 800w, https:\/\/serviceportal.designwerk.com\/wp-content\/uploads\/elektro-lkw-finanzierung-header-1200x750.jpg 1200w, https:\/\/serviceportal.designwerk.com\/wp-content\/uploads\/elektro-lkw-finanzierung-header-scaled.jpg 2560w\" sizes=\"(min-width: 2200px) 100vw, (min-width: 784px) 373px, (min-width: 712px) 560px, (min-width: 640px) 712px, \" \/>\t\t\t<\/a>\n\t\t\t\t\t\t\t<\/div>\n<\/li>\n\t\t\t\n\t\t\t\n\t\t\t\t\t\t\t\t\t\t\t\t\t\t\t\t\t\t\t\t\t\t\t\t\t\t\t\t\t\t\t\t\t\t\t\t\t\t\t\t\t\t\t\t\t\t\t\t\t\t\t\t\t\t\t\t\t\t\t\t\t\t\t\t\t\t\t\t<\/ul>\n\t<\/div>\n\t<div class=\"fusion-post-content-wrapper\" style=\"padding:10px 25px 10px 0px;\"><div class=\"fusion-post-content post-content\"><h2 class=\"blog-shortcode-post-title entry-title\"><a href=\"https:\/\/serviceportal.designwerk.com\/en\/technews-september-2024\/\">Technews &#8211; September 2024<\/a><\/h2><p class=\"fusion-single-line-meta\"><span class=\"vcard\" style=\"display: none;\"><span class=\"fn\"><a href=\"https:\/\/serviceportal.designwerk.com\/en\/author\/dokumentation\/\" rel=\"author\">Daniela Gubelmann<\/a><\/span><\/span><span class=\"updated\" style=\"display:none;\">2024-11-14T09:22:49+01:00<\/span><span>27. September 2024<\/span><span class=\"fusion-inline-sep\">|<\/span><\/p><div class=\"fusion-content-sep sep-double sep-solid\"><\/div><\/div><div class=\"fusion-meta-info\"><div class=\"fusion-alignleft\"><a class=\"fusion-read-more\" href=\"https:\/\/serviceportal.designwerk.com\/en\/technews-september-2024\/\" aria-label=\"More on Technews &#8211; September 2024\"><i class=\"fb-icon-element-11 fb-icon-element fontawesome-icon fa-arrow-right fas circle-no fusion-text-flow\" style=\"font-size:32px;margin-right:16px;\"><\/i><\/a><\/div><\/div><\/div><div class=\"fusion-clearfix\"><\/div><\/div>\n<\/article>\n<article id=\"blog-1-post-10116\" class=\"fusion-post-grid post-10116 post type-post status-publish format-link has-post-thumbnail hentry category-e-truck category-low-cab-en category-mid-high-cab-en category-system-information post_format-post-format-link\">\n<div class=\"fusion-post-wrapper\" style=\"background-color:rgba(255,255,255,0);border:1px solid var(--awb-color2);border-bottom-width:3px;\">\n\n\t\t\t<div class=\"fusion-flexslider flexslider fusion-flexslider-loading fusion-post-slideshow\" style=\"border-color:var(--awb-color2);\">\n\t\t<ul class=\"slides\">\n\t\t\t\n\t\t\t\t\t\t\t\t\t\t\t\t\t\t<li><div  class=\"fusion-image-wrapper\" aria-haspopup=\"true\">\n\t\t\t\t\t\t\t<a href=\"https:\/\/serviceportal.designwerk.com\/en\/designwerk-launches-new-e-truck-service-portal\/\" aria-label=\"Designwerk launches new e-truck service portal\">\n\t\t\t\t\t\t\t<img decoding=\"async\" width=\"1336\" height=\"795\" src=\"https:\/\/serviceportal.designwerk.com\/wp-content\/uploads\/post.jpg\" class=\"attachment-full size-full wp-post-image\" alt=\"Post\" srcset=\"https:\/\/serviceportal.designwerk.com\/wp-content\/uploads\/post-200x119.jpg 200w, https:\/\/serviceportal.designwerk.com\/wp-content\/uploads\/post-400x238.jpg 400w, https:\/\/serviceportal.designwerk.com\/wp-content\/uploads\/post-600x357.jpg 600w, https:\/\/serviceportal.designwerk.com\/wp-content\/uploads\/post-800x476.jpg 800w, https:\/\/serviceportal.designwerk.com\/wp-content\/uploads\/post-1200x714.jpg 1200w, https:\/\/serviceportal.designwerk.com\/wp-content\/uploads\/post.jpg 1336w\" sizes=\"(min-width: 2200px) 100vw, (min-width: 784px) 373px, (min-width: 712px) 560px, (min-width: 640px) 712px, \" \/>\t\t\t<\/a>\n\t\t\t\t\t\t\t<\/div>\n<\/li>\n\t\t\t\n\t\t\t\n\t\t\t\t\t\t\t\t\t\t\t\t\t\t\t\t\t\t\t\t\t\t\t\t\t\t\t\t\t\t\t\t\t\t\t\t\t\t\t\t\t\t\t\t\t\t\t\t\t\t\t\t\t\t\t\t\t\t\t\t\t\t\t\t\t\t\t\t<\/ul>\n\t<\/div>\n\t<div class=\"fusion-post-content-wrapper\" style=\"padding:10px 25px 10px 0px;\"><div class=\"fusion-post-content post-content\"><h2 class=\"blog-shortcode-post-title entry-title\"><a href=\"https:\/\/serviceportal.designwerk.com\/en\/designwerk-launches-new-e-truck-service-portal\/\">Designwerk launches new e-truck service portal<\/a><\/h2><p class=\"fusion-single-line-meta\"><span class=\"vcard\" style=\"display: none;\"><span class=\"fn\"><a href=\"https:\/\/serviceportal.designwerk.com\/en\/author\/wyssmannllc\/\" rel=\"author\">WyssmannLLC<\/a><\/span><\/span><span class=\"updated\" style=\"display:none;\">2024-11-14T09:24:42+01:00<\/span><span>15. April 2024<\/span><span class=\"fusion-inline-sep\">|<\/span><\/p><div class=\"fusion-content-sep sep-double sep-solid\"><\/div><\/div><div class=\"fusion-meta-info\"><div class=\"fusion-alignleft\"><a class=\"fusion-read-more\" href=\"https:\/\/serviceportal.designwerk.com\/en\/designwerk-launches-new-e-truck-service-portal\/\" aria-label=\"More on Designwerk launches new e-truck service portal\"><i class=\"fb-icon-element-11 fb-icon-element fontawesome-icon fa-arrow-right fas circle-no fusion-text-flow\" style=\"font-size:32px;margin-right:16px;\"><\/i><\/a><\/div><\/div><\/div><div class=\"fusion-clearfix\"><\/div><\/div>\n<\/article>\n<div class=\"fusion-clearfix\"><\/div><\/div><\/div><div class=\"fusion-title title fusion-title-2 fusion-sep-none fusion-title-text fusion-title-size-one\" style=\"--awb-text-color:#000000;--awb-margin-bottom:50px;--awb-margin-top-small:10px;--awb-margin-right-small:0px;--awb-margin-bottom-small:10px;--awb-margin-left-small:0px;--awb-font-size:45px;\"><h1 class=\"fusion-title-heading title-heading-left fusion-responsive-typography-calculated\" style=\"margin:0;font-size:1em;--fontSize:45;line-height:var(--awb-typography1-line-height);\">Updates documents<\/h1><\/div><\/div><\/div><div class=\"fusion-layout-column fusion_builder_column fusion-builder-column-2 fusion_builder_column_1_4 1_4 fusion-flex-column fusion-flex-align-self-stretch\" style=\"--awb-padding-top:40px;--awb-padding-right:50px;--awb-padding-bottom:40px;--awb-padding-left:50px;--awb-bg-color:#000000;--awb-bg-color-hover:#000000;--awb-bg-size:cover;--awb-width-large:25%;--awb-margin-top-large:0px;--awb-spacing-right-large:7.68%;--awb-margin-bottom-large:0px;--awb-spacing-left-large:0px;--awb-width-medium:25%;--awb-order-medium:0;--awb-spacing-right-medium:7.68%;--awb-spacing-left-medium:0px;--awb-width-small:100%;--awb-order-small:0;--awb-spacing-right-small:1.92%;--awb-spacing-left-small:1.92%;\"><div class=\"fusion-column-wrapper fusion-column-has-shadow fusion-flex-justify-content-flex-start fusion-content-layout-column\"><div class=\"fusion-text fusion-text-1 fusion-text-no-margin\" style=\"--awb-content-alignment:center;--awb-text-color:var(--awb-color5);--awb-margin-bottom:40px;\"><p>Here you will find information about the availability and applications of the service portal as well as manufacturer information.<\/p>\n<\/div><div class=\"fusion-separator\" style=\"align-self: center;margin-left: auto;margin-right: auto;margin-top:20px;margin-bottom:20px;width:100%;max-width:50px;\"><div class=\"fusion-separator-border sep-single sep-solid\" style=\"--awb-height:20px;--awb-amount:20px;--awb-sep-color:var(--awb-color6);border-color:var(--awb-color6);border-top-width:2px;\"><\/div><\/div><div class=\"fusion-text fusion-text-2\" style=\"--awb-content-alignment:center;--awb-line-height:0.5;--awb-text-color:var(--awb-color5);\"><p style=\"text-align: left;\">General inquiries<\/p>\n<p style=\"text-align: left;\">+41 44 515 48 58<\/p>\n<p style=\"text-align: left;\"><a href=\"mailto:kontakt@designwerk.com\">kontakt@designwerk.com<\/a><\/p>\n<\/div><\/div><\/div><div class=\"fusion-layout-column fusion_builder_column fusion-builder-column-3 fusion_builder_column_3_4 3_4 fusion-flex-column right-data-col\" style=\"--awb-padding-top:40px;--awb-padding-bottom:40px;--awb-padding-right-small:30px;--awb-padding-left-small:30px;--awb-bg-size:cover;--awb-width-large:75%;--awb-margin-top-large:0px;--awb-spacing-right-large:2.56%;--awb-margin-bottom-large:0px;--awb-spacing-left-large:2.56%;--awb-width-medium:75%;--awb-order-medium:0;--awb-spacing-right-medium:2.56%;--awb-spacing-left-medium:2.56%;--awb-width-small:100%;--awb-order-small:2;--awb-spacing-right-small:1.92%;--awb-spacing-left-small:1.92%;\"><div class=\"fusion-column-wrapper fusion-column-has-shadow fusion-flex-justify-content-flex-start fusion-content-layout-column\"><div class=\"fusion-title title fusion-title-3 fusion-sep-none fusion-title-text fusion-title-size-one\" style=\"--awb-text-color:#000000;--awb-margin-bottom:50px;--awb-margin-top-small:10px;--awb-margin-right-small:0px;--awb-margin-bottom-small:10px;--awb-margin-left-small:0px;--awb-font-size:var(--awb-typography2-font-size);\"><h1 class=\"fusion-title-heading title-heading-left fusion-responsive-typography-calculated\" style=\"font-family:var(--awb-typography2-font-family);font-weight:var(--awb-typography2-font-weight);font-style:var(--awb-typography2-font-style);margin:0;letter-spacing:var(--awb-typography2-letter-spacing);text-transform:var(--awb-typography2-text-transform);font-size:1em;--fontSize:24;line-height:var(--awb-typography2-line-height);\">Company news<\/h1><\/div>\t\n\t <link rel=\"stylesheet\" href=\"\/\/cdn.datatables.net\/1.12.1\/css\/jquery.dataTables.min.css\">\n\t\t\n\t\t\n\t\t<script src=\"https:\/\/code.jquery.com\/jquery-3.6.1.min.js\"><\/script>\n\t\t<script src=\"https:\/\/cdn.datatables.net\/1.12.1\/js\/jquery.dataTables.min.js\"><\/script>\n\t\t\n\t\t<script>\n\t\t   jQuery(document).ready(function() {\n\t\n\t\t\n\t\n\t\t\t\tvar table = jQuery('#dtt').DataTable();\n\t\n\t\n\t\t   });\n\t\t\t<\/script>\n\t\n\t<style>\n\t\t\n\t\t#dtt_filter {\n\t\t\tdisplay: none;\n\t\t}\n\t\n\t\tdiv#dtt_wrapper * {\n\t\t\tcolor: black;\n\t\t}\n\t\n\t\tdiv#dtt_wrapper tr td {\n\t\t\tborder-bottom: 1px solid #dcdcdc;\n\t\t\tpadding: 10px 0px;\n\t\t}\n\t\n\t\tdiv#dtt_wrapper div#dtt_length {\n\t\t\tdisplay: none;\n\t\t}\n\t\n\t\tdiv#dtt_wrapper thead {\n\t\t\tdisplay: none;\n\t\t}\n\t\n\t.dataTables_wrapper .dataTables_paginate .paginate_button.current, .dataTables_wrapper .dataTables_paginate .paginate_button.current:hover {\n\t\t\tbackground: #f96c2e;\n\t\t\tcolor: white!important;\n\t\t\tborder-color: #f96c2e\n\t\t}\n\t\n\t\t.dataTables_wrapper .dataTables_paginate .paginate_button:hover {\n\t\t\tbackground: #f96c2e;\n\t\t\tcolor: white!important;\n\t\t\tborder-color: #f96c2e\n\t\t}\n\t\n\t\t.dataTables_wrapper .dataTables_paginate.paginate_button {\n\t\t\tborder-radius: 5px;\n\t\t}\n\n\t\n\tdiv#dtt_paginate {\n\n\t\t\t\n\tdiv#dtt_wrapper tr:nth-child(1) {\n\tdisplay: table-row;\n\t}\n\tdiv#dtt_wrapper tr:nth-child(2) {\n\t  \n\t\tdisplay: table-row;\n\t}\n\t\n\tdiv#dtt_wrapper tr:nth-child(3) {\n\t display: table-row;\n\t}\n\n\t\n\t\t<\/style>\n\t\t\n\t\n\t<table id='dtt' style=\"width: 100%\"> \n\t<thead>\n\t\t<th>Title<\/th>\n\t\t<th>Category<\/th>\n\t<\/thead>\n\t<tbody>\n\t\t\t\t\n\t\t\t\t<tr>\n\t\t\t<td><a target=\"_blank\" href=\"https:\/\/www.designwerk.com\/post\/e-lkw\/groesster-e-lkw-fuer-ein-kanalreinigungsfahrzeug-entsteht-bei-designwerk\/\">Gr\u00f6sster E-LKW f\u00fcr ein Kanalreinigungsfahrzeug entsteht bei Designwerk<\/a><\/td>\n\t\t\t<td>Blog<\/td>\n\t\t<\/tr>\n\t\t\n\t   \n\t\t\n\t\t\t\t\n\t\t\t\t<tr>\n\t\t\t<td><a target=\"_blank\" href=\"https:\/\/www.designwerk.com\/post\/e-lkw\/designwerk-stellt-erste-hydraulische-anfahrhilfe-fuer-elektro-lkw-vor\/\">Designwerk stellt erste hydraulische Anfahrhilfe f\u00fcr Elektro-LKW vor<\/a><\/td>\n\t\t\t<td>Blog<\/td>\n\t\t<\/tr>\n\t\t\n\t   \n\t\t\n\t\t\t\t\n\t\t\t\t<tr>\n\t\t\t<td><a target=\"_blank\" href=\"https:\/\/www.designwerk.com\/post\/e-lkw\/rahmenbedingungen-fuer-elektro-lkw-was-braucht-die-schweiz-jetzt\/\">Rahmenbedingungen f\u00fcr Elektro-LKW: Was braucht die Schweiz jetzt?<\/a><\/td>\n\t\t\t<td>Blog<\/td>\n\t\t<\/tr>\n\t\t\n\t   \n\t\t\n\t\t\t\t\n\t\t\t\t<tr>\n\t\t\t<td><a target=\"_blank\" href=\"https:\/\/www.designwerk.com\/post\/ladegeraete\/megacharger\/e-lkw-laedt-erstmals-mit-ueber-einem-megawatt-leistung\/\">E-LKW l\u00e4dt erstmals mit \u00fcber 1,1 Megawatt Leistung<\/a><\/td>\n\t\t\t<td>Featured<\/td>\n\t\t<\/tr>\n\t\t\n\t   \n\t\t\n\t\t\t\t\n\t\t\t\t<tr>\n\t\t\t<td><a target=\"_blank\" href=\"https:\/\/www.designwerk.com\/post\/e-lkw\/automobilhersteller-aus-dem-sueddeutschen-raum\/\">Volumentransporte mit Elektro-LKW f\u00fcr Automobilhersteller aus dem s\u00fcddeutschen Raum\u00a0<\/a><\/td>\n\t\t\t<td>Blog<\/td>\n\t\t<\/tr>\n\t\t\n\t   \n\t\t\n\t\t\t\t\n\t\t\t\t<tr>\n\t\t\t<td><a target=\"_blank\" href=\"https:\/\/www.designwerk.com\/post\/blog\/elektro-schneepflug-im-haertetest-was-wenn-der-beste-winterdienst-gar-keinen-diesel-braucht\/\">Elektro-Schneepflug im H\u00e4rtetest: Was, wenn der beste Winterdienst gar keinen Diesel braucht?<\/a><\/td>\n\t\t\t<td>Blog<\/td>\n\t\t<\/tr>\n\t\t\n\t   \n\t\t\n\t\t\t\t\n\t\t\t\t<tr>\n\t\t\t<td><a target=\"_blank\" href=\"https:\/\/www.designwerk.com\/post\/e-lkw\/lohnt-der-umstieg-auf-elektro-lkw-in-der-entsorgungslogistik\/\">Lohnt der Umstieg auf Elektro-LKW f\u00fcr die Entsorgungslogistik?<\/a><\/td>\n\t\t\t<td>Blog<\/td>\n\t\t<\/tr>\n\t\t\n\t   \n\t\t\n\t\t\t\t\n\t\t\t\t<tr>\n\t\t\t<td><a target=\"_blank\" href=\"https:\/\/www.designwerk.com\/post\/e-lkw\/demo-days-2025-elektro-lkw-fuer-spezialanwendungen\/\">Demo Days 2025: Elektro LKW f\u00fcr Spezialanwendungen<\/a><\/td>\n\t\t\t<td>Batteriesysteme<\/td>\n\t\t<\/tr>\n\t\t\n\t   \n\t\t\n\t\t\t\t\n\t\t\t\t<tr>\n\t\t\t<td><a target=\"_blank\" href=\"https:\/\/www.designwerk.com\/post\/blog\/1000-kw-ladeleistung-sinnvoll-fuer-lkw-und-pkw\/\">1000 kW Ladeleistung \u2013 sinnvoll f\u00fcr LKW und PKW?<\/a><\/td>\n\t\t\t<td>Batteriesysteme<\/td>\n\t\t<\/tr>\n\t\t\n\t   \n\t\t\n\t\t\t\t\n\t\t\t\t<tr>\n\t\t\t<td><a target=\"_blank\" href=\"https:\/\/www.designwerk.com\/post\/blog\/das-kompakteste-mobile-dc-schnellladegeraet-fuer-professionelle-anwendungen\/\">Das kompakteste mobile DC-Schnellladeger\u00e4t f\u00fcr professionelle Anwendungen<\/a><\/td>\n\t\t\t<td>Blog<\/td>\n\t\t<\/tr>\n\t\t\n\t   \n\t\t\n\t\t\t\t\n\t\t\t\t<tr>\n\t\t\t<td><a target=\"_blank\" href=\"https:\/\/www.designwerk.com\/post\/blog\/weltpremiere-auf-der-bauma-2025-erster-vollelektrischer-lkw-mit-hubarbeitsbuehne-und-einer-arbeitshoehe-von-56-metern\/\">Weltpremiere auf der Bauma 2025: Erster vollelektrischer LKW mit Hubarbeitsb\u00fchne und einer Arbeitsh\u00f6he von 56 Metern<\/a><\/td>\n\t\t\t<td>Baulogistik<\/td>\n\t\t<\/tr>\n\t\t\n\t   \n\t\t\n\t\t\t\t\n\t\t\t\t<tr>\n\t\t\t<td><a target=\"_blank\" href=\"https:\/\/www.designwerk.com\/post\/blog\/batteriewechsel-bei-e-lkw-effizienter-game-changer-oder-teure-nischenloesung\/\">Batteriewechsel bei E-LKW: Effizienter Game Changer oder teure Nischenl\u00f6sung?<\/a><\/td>\n\t\t\t<td>Batteriesysteme<\/td>\n\t\t<\/tr>\n\t\t\n\t   \n\t\t\n\t\t\t\t\n\t\t\t\t<tr>\n\t\t\t<td><a target=\"_blank\" href=\"https:\/\/www.designwerk.com\/post\/blog\/aus-dem-realbetrieb-verbrauchswerte-von-elektro-lkw-in-spezialanwendungen\/\">Aus dem Realbetrieb: Verbrauchswerte von Elektro-LKW in Spezialanwendungen<\/a><\/td>\n\t\t\t<td>Blog<\/td>\n\t\t<\/tr>\n\t\t\n\t   \n\t\t\n\t\t\t\t\n\t\t\t\t<tr>\n\t\t\t<td><a target=\"_blank\" href=\"https:\/\/www.designwerk.com\/post\/blog\/lassen-sich-spezial-lastwagen-batterieelektrisch-effizient-betreiben\/\">Lassen sich Spezial-Lastwagen batterieelektrisch effizient betreiben?<\/a><\/td>\n\t\t\t<td>Batteriesysteme<\/td>\n\t\t<\/tr>\n\t\t\n\t   \n\t\t\n\t\t\t\t\n\t\t\t\t<tr>\n\t\t\t<td><a target=\"_blank\" href=\"https:\/\/www.designwerk.com\/post\/blog\/preissenkung-mobiler-schnellladegeraete\/\">Designwerk senkt Listenpreise f\u00fcr mobile  DC-Schnellladeger\u00e4te um bis zu 32 Prozent<\/a><\/td>\n\t\t\t<td>Blog<\/td>\n\t\t<\/tr>\n\t\t\n\t   \n\t\t\n\t\t\t\t\n\t\t\t\t<tr>\n\t\t\t<td><a target=\"_blank\" href=\"https:\/\/www.designwerk.com\/post\/blog\/marmortransport-mit-elkw-marx-goeflan\/\">Wie schafft es ein E-LKW tonnenweise Marmor (fast) ohne Energieverbrauch zu transportieren?<\/a><\/td>\n\t\t\t<td>Baulogistik<\/td>\n\t\t<\/tr>\n\t\t\n\t   \n\t\t\n\t\t\t\t\n\t\t\t\t<tr>\n\t\t\t<td><a target=\"_blank\" href=\"https:\/\/www.designwerk.com\/post\/blog\/interview-energie-durable\/\">Energie Durable transportiert Energie aus Holz elektrisch<\/a><\/td>\n\t\t\t<td>Blog<\/td>\n\t\t<\/tr>\n\t\t\n\t   \n\t\t\n\t\t\t\t\n\t\t\t\t<tr>\n\t\t\t<td><a target=\"_blank\" href=\"https:\/\/www.designwerk.com\/post\/blog\/bmw-mercedes-designwerk\/\">Designwerk E-LKW fahren f\u00fcr BMW und Mercedes Benz<\/a><\/td>\n\t\t\t<td>Blog<\/td>\n\t\t<\/tr>\n\t\t\n\t   \n\t\t\n\t\t\t\t\n\t\t\t\t<tr>\n\t\t\t<td><a target=\"_blank\" href=\"https:\/\/www.designwerk.com\/post\/blog\/eco-performance-award-2024\/\">Eco Performance Award 2024<\/a><\/td>\n\t\t\t<td>Blog<\/td>\n\t\t<\/tr>\n\t\t\n\t   \n\t\t\n\t\t\t\t\n\t\t\t\t<tr>\n\t\t\t<td><a target=\"_blank\" href=\"https:\/\/www.designwerk.com\/post\/ladegeraete\/vier-ladeloesungen-fuer-elektromobilitaet-der-transportlogistik\/\">Vier Ladel\u00f6sungen f\u00fcr die Herausforderungen der Elektromobilit\u00e4t in der Transportlogistik<\/a><\/td>\n\t\t\t<td>Blog<\/td>\n\t\t<\/tr>\n\t\t\n\t   \n\t\t\n\t\t\t\t\n\t\t\t\t<tr>\n\t\t\t<td><a target=\"_blank\" href=\"https:\/\/www.designwerk.com\/post\/blog\/aebs-bremstest\/\">Designwerk E-LKW im Praxistest: AEBS erf\u00fcllt h\u00f6chste Sicherheitsanforderungen<\/a><\/td>\n\t\t\t<td>Blog<\/td>\n\t\t<\/tr>\n\t\t\n\t   \n\t\t\n\t\t\t\t\n\t\t\t\t<tr>\n\t\t\t<td><a target=\"_blank\" href=\"https:\/\/www.designwerk.com\/post\/blog\/neuregistrierung-batterieelektrischer-schwerer-lkw-in-der-eu-steigt-im-ersten-halbjahr-2024\/\">Neuregistrierung batterieelektrischer schwerer LKW in der EU steigt im ersten Halbjahr 2024<\/a><\/td>\n\t\t\t<td>Blog<\/td>\n\t\t<\/tr>\n\t\t\n\t   \n\t\t\n\t\t\t\t\n\t\t\t\t<tr>\n\t\t\t<td><a target=\"_blank\" href=\"https:\/\/www.designwerk.com\/post\/blog\/lowliner-testtour-2024\/\">Designwerk Technologies AG startet Lowliner Test-Tour 2024 in Deutschland: Drive low \u2013 Load high.<\/a><\/td>\n\t\t\t<td>Blog<\/td>\n\t\t<\/tr>\n\t\t\n\t   \n\t\t\n\t\t\t\t\n\t\t\t\t<tr>\n\t\t\t<td><a target=\"_blank\" href=\"https:\/\/www.designwerk.com\/post\/blog\/e-lkw-schnellladenetz-deutsche-autobahn\/\">LKW-Schnellladenetz startet an den Deutschen Bundesautobahnen<\/a><\/td>\n\t\t\t<td>Blog<\/td>\n\t\t<\/tr>\n\t\t\n\t   \n\t\t\n\t\t\t\t\n\t\t\t\t<tr>\n\t\t\t<td><a target=\"_blank\" href=\"https:\/\/www.designwerk.com\/post\/ladegeraete\/smarter-e-podcast-thorben-maier\/\">The smarter E Podcast mit Thorben Maier<\/a><\/td>\n\t\t\t<td>Ladeger\u00e4te<\/td>\n\t\t<\/tr>\n\t\t\n\t   \n\t\t\n\t\t\t\t\n\t\t\t\t<tr>\n\t\t\t<td><a target=\"_blank\" href=\"https:\/\/www.designwerk.com\/post\/presse\/galliker-transport-ag-nimmt-mega-charger-von-designwerk-in-betrieb\/\">Galliker Transport AG nimmt \u00abMega Charger\u00bb von Designwerk in Betrieb<\/a><\/td>\n\t\t\t<td>Batteriesysteme<\/td>\n\t\t<\/tr>\n\t\t\n\t   \n\t\t\n\t\t\t\t\n\t\t\t\t<tr>\n\t\t\t<td><a target=\"_blank\" href=\"https:\/\/www.designwerk.com\/post\/blog\/leistung-die-bewegt-launch-mdc-88-920\/\">Leistung, die bewegt \u2013 Designwerk stellt neues, mobiles Schnellladeger\u00e4t MDC 88-920 vor<\/a><\/td>\n\t\t\t<td>Blog<\/td>\n\t\t<\/tr>\n\t\t\n\t   \n\t\t\n\t\t\t\t\n\t\t\t\t<tr>\n\t\t\t<td><a target=\"_blank\" href=\"https:\/\/www.designwerk.com\/post\/blog\/smarter-e-award-gewinner-2024\/\">Smarter E Award Gewinner 2024<\/a><\/td>\n\t\t\t<td>Blog<\/td>\n\t\t<\/tr>\n\t\t\n\t   \n\t\t\n\t\t\t\t\n\t\t\t\t<tr>\n\t\t\t<td><a target=\"_blank\" href=\"https:\/\/www.designwerk.com\/post\/blog\/e-schneepflug-norwegische-strassenbehoerde\/\">Pionierarbeit: Elektrischer Schneepflug im Auftrag der Strassenbeh\u00f6rde<\/a><\/td>\n\t\t\t<td>Batteriesysteme<\/td>\n\t\t<\/tr>\n\t\t\n\t   \n\t\t\n\t\t\t\t\n\t\t\t\t<tr>\n\t\t\t<td><a target=\"_blank\" href=\"https:\/\/www.designwerk.com\/post\/blog\/ifat-2024\/\">Designwerk auf der IFAT 2024 in M\u00fcnchen<\/a><\/td>\n\t\t\t<td>Blog<\/td>\n\t\t<\/tr>\n\t\t\n\t   \n\t\t\n\t\t\t\t\n\t\t\t\t<tr>\n\t\t\t<td><a target=\"_blank\" href=\"https:\/\/www.designwerk.com\/post\/blog\/erstes-vollelektrisches-pistenfahrzeug-am-flumserberg-im-einsatz\/\">Erstes vollelektrisches Pistenfahrzeug am Flumserberg im Einsatz<\/a><\/td>\n\t\t\t<td>Blog<\/td>\n\t\t<\/tr>\n\t\t\n\t   \n\t\t\n\t\t\t\t\n\t\t\t\t<tr>\n\t\t\t<td><a target=\"_blank\" href=\"https:\/\/www.designwerk.com\/post\/blog\/verbrauchsauswertung-2023\/\">E-LKW im Vergleich: Designwerk ver\u00f6ffentlicht Verbrauchsauswertung 2023<\/a><\/td>\n\t\t\t<td>Blog<\/td>\n\t\t<\/tr>\n\t\t\n\t   \n\t\t\n\t\t\t\t\n\t\t\t\t<tr>\n\t\t\t<td><a target=\"_blank\" href=\"https:\/\/www.designwerk.com\/post\/presse\/expansion-deutschland\/\">Designwerk Technologies AG auf der \u00dcberholspur: Erfolgreiche Bilanz 2023 und Expansion in Deutschland<\/a><\/td>\n\t\t\t<td>Blog<\/td>\n\t\t<\/tr>\n\t\t\n\t   \n\t\t\n\t\t\t\t\n\t\t\t\t<tr>\n\t\t\t<td><a target=\"_blank\" href=\"https:\/\/www.designwerk.com\/post\/presse\/designwerk-technologies-ag-gewinnt-elektro-revolution-fuer-zuerichs-abfallentsorgung\/\">Designwerk Technologies AG gewinnt: Elektro-Revolution f\u00fcr Z\u00fcrichs Abfallentsorgung<\/a><\/td>\n\t\t\t<td>Blog<\/td>\n\t\t<\/tr>\n\t\t\n\t   \n\t\t\n\t\t\t\t\n\t\t\t\t<tr>\n\t\t\t<td><a target=\"_blank\" href=\"https:\/\/www.designwerk.com\/post\/presse\/designwerk-stellt-mega-charger-fuer-elektrische-nutzfahrzeuge-vor\/\">Designwerk stellt \u00abMega Charger\u00bb f\u00fcr elektrische Nutzfahrzeuge vor<\/a><\/td>\n\t\t\t<td>Batteriesysteme<\/td>\n\t\t<\/tr>\n\t\t\n\t   \n\t\t\n\t\t\t\t\n\t\t\t\t<tr>\n\t\t\t<td><a target=\"_blank\" href=\"https:\/\/www.designwerk.com\/post\/blog\/erste-e-lkw-mit-1000-kwh\/\">Designwerk liefert weltweit erste Elektro-LKW mit 1000 kWh Batteriekapazit\u00e4t<\/a><\/td>\n\t\t\t<td>Blog<\/td>\n\t\t<\/tr>\n\t\t\n\t   \n\t\t\n\t\t\t\t\n\t\t\t\t<tr>\n\t\t\t<td><a target=\"_blank\" href=\"https:\/\/www.designwerk.com\/post\/presse\/designwerk-expandiert-in-benelux\/\">Designwerk expandiert in Benelux<\/a><\/td>\n\t\t\t<td>E-LKW<\/td>\n\t\t<\/tr>\n\t\t\n\t   \n\t\t\n\t\t\t\t\n\t\t\t\t<tr>\n\t\t\t<td><a target=\"_blank\" href=\"https:\/\/www.designwerk.com\/post\/presse\/zgraggen-und-designwerk-bringen-erstes-vollelektrisches-milchsammelfahrzeug-auf-die-strasse\/\">Zgraggen und Designwerk bringen erstes vollelektrisches Milchsammelfahrzeug auf die Strasse<\/a><\/td>\n\t\t\t<td>E-LKW<\/td>\n\t\t<\/tr>\n\t\t\n\t   \n\t\t\n\t\t\t\t\n\t\t\t\t<tr>\n\t\t\t<td><a target=\"_blank\" href=\"https:\/\/www.designwerk.com\/post\/blog\/designwerk-feiert-15-jaehriges-jubilaeum-mit-familie-und-freunden\/\">Designwerk feiert 15-j\u00e4hriges Jubil\u00e4um mit Familie und Freunden<\/a><\/td>\n\t\t\t<td>Batteriesysteme<\/td>\n\t\t<\/tr>\n\t\t\n\t   \n\t\t\n\t\t\t\t\n\t\t\t\t<tr>\n\t\t\t<td><a target=\"_blank\" href=\"https:\/\/www.designwerk.com\/post\/presse\/designwerk-mit-renommiertem-red-dot-design-award-ausgezeichnet\/\">Designwerk mit renommiertem Red Dot Design Award ausgezeichnet<\/a><\/td>\n\t\t\t<td>Ladeger\u00e4te<\/td>\n\t\t<\/tr>\n\t\t\n\t   \n\t\t\n\t\t\t\t\n\t\t\t\t<tr>\n\t\t\t<td><a target=\"_blank\" href=\"https:\/\/www.designwerk.com\/post\/presse\/emissionsfrei-arbeiten-ohne-kompromisse-das-weltweit-erste-elektrische-kanalreinigungsfahrzeug-mit-wasserrecycling-geht-in-serie\/\">Das weltweit erste elektrische Kanalreinigungsfahrzeug mit Wasserrecycling geht in Serie<\/a><\/td>\n\t\t\t<td>E-LKW<\/td>\n\t\t<\/tr>\n\t\t\n\t   \n\t\t\n\t\t\t\t\n\t\t\t\t<tr>\n\t\t\t<td><a target=\"_blank\" href=\"https:\/\/www.designwerk.com\/post\/blog\/designwerk-ist-innovationspartner-der-europa-roadshow-von-continental-nutzfahrzeugreifen\/\">Designwerk ist Innovationspartner der Europa-Roadshow von Continental Nutzfahrzeugreifen<\/a><\/td>\n\t\t\t<td>Blog<\/td>\n\t\t<\/tr>\n\t\t\n\t   \n\t\t\n\t\t\t\t\n\t\t\t\t<tr>\n\t\t\t<td><a target=\"_blank\" href=\"https:\/\/www.designwerk.com\/post\/blog\/designwerk-an-der-suisse-public-in-bern\/\">Designwerk an der Suisse Public in Bern<\/a><\/td>\n\t\t\t<td>Blog<\/td>\n\t\t<\/tr>\n\t\t\n\t   \n\t\t\n\t\t\t\t\n\t\t\t\t<tr>\n\t\t\t<td><a target=\"_blank\" href=\"https:\/\/www.designwerk.com\/post\/blog\/5-gruende-warum-sie-besser-mit-mobilen-ladegeraeten-von-designwerk-laden\/\">5 Gr\u00fcnde \u2013 Warum Sie besser mit mobilen Ladeger\u00e4ten von Designwerk laden<\/a><\/td>\n\t\t\t<td>Blog<\/td>\n\t\t<\/tr>\n\t\t\n\t   \n\t\t\n\t\t\t\t\n\t\t\t\t<tr>\n\t\t\t<td><a target=\"_blank\" href=\"https:\/\/www.designwerk.com\/post\/presse\/designwerk-erweitert-batterieportfolio-mit-lfp-zelltechnologie\/\">Designwerk erweitert Batterieportfolio mit LFP-Zelltechnologie<\/a><\/td>\n\t\t\t<td>Batteriesysteme<\/td>\n\t\t<\/tr>\n\t\t\n\t   \n\t\t\n\t\t\t\t\n\t\t\t\t<tr>\n\t\t\t<td><a target=\"_blank\" href=\"https:\/\/www.designwerk.com\/post\/presse\/designwerk-lanciert-neue-generation-der-batteriesysteme\/\">Designwerk lanciert neue Generation der Batteriesysteme<\/a><\/td>\n\t\t\t<td>Batteriesysteme<\/td>\n\t\t<\/tr>\n\t\t\n\t   \n\t\t\n\t\t\t\t\n\t\t\t\t<tr>\n\t\t\t<td><a target=\"_blank\" href=\"https:\/\/www.designwerk.com\/post\/presse\/designwerk-expandiert-nach-schweden\/\">Designwerk expandiert nach Schweden<\/a><\/td>\n\t\t\t<td>Ladeger\u00e4te<\/td>\n\t\t<\/tr>\n\t\t\n\t   \n\t\t\n\t\t\t\t\n\t\t\t\t<tr>\n\t\t\t<td><a target=\"_blank\" href=\"https:\/\/www.designwerk.com\/post\/presse\/designwerk-erweitert-fuehrungsriege-und-verstaerkt-vertrieb\/\">Designwerk erweitert F\u00fchrungsriege und verst\u00e4rkt Vertrieb<\/a><\/td>\n\t\t\t<td>E-LKW<\/td>\n\t\t<\/tr>\n\t\t\n\t   \n\t\t\n\t\t\t\t\n\t\t\t\t<tr>\n\t\t\t<td><a target=\"_blank\" href=\"https:\/\/www.designwerk.com\/post\/blog\/8-gruende-warum-designwerk-e-lkw-schweres-leicht-transportieren\/\">8 Gr\u00fcnde, warum Designwerk E-LKW Schweres leicht transportieren<\/a><\/td>\n\t\t\t<td>Baulogistik<\/td>\n\t\t<\/tr>\n\t\t\n\t   \n\t\t\n\t\t\t\t\n\t\t\t\t<tr>\n\t\t\t<td><a target=\"_blank\" href=\"https:\/\/www.designwerk.com\/post\/presse\/schweizer-konsortium-baut-megawatt-ladestation\/\">Schweizer Konsortium baut \u00abMega-Ladestation\u00bb<\/a><\/td>\n\t\t\t<td>Batteriesysteme<\/td>\n\t\t<\/tr>\n\t\t\n\t   \n\t\t\n\t\t\t\t\n\t\t\t\t<tr>\n\t\t\t<td><a target=\"_blank\" href=\"https:\/\/www.designwerk.com\/post\/blog\/warum-designwerk-elektro-lkw-die-halten-was-sie-versprechen\/\">\u201eWarum Designwerk? Elektro-LKW, die halten, was sie versprechen\u201c<\/a><\/td>\n\t\t\t<td>Blog<\/td>\n\t\t<\/tr>\n\t\t\n\t   \n\t\t\n\t\t\t\t\n\t\t\t\t<tr>\n\t\t\t<td><a target=\"_blank\" href=\"https:\/\/www.designwerk.com\/post\/presse\/designwerk-und-kaessbohrer-erster-elektrischer-autotransporter-mit-1000-kwh-fuer-internationalen-markt\/\">Designwerk und K\u00e4ssbohrer: Erster elektrischer Autotransporter mit 1000 kWh f\u00fcr internationalen Markt<\/a><\/td>\n\t\t\t<td>E-LKW<\/td>\n\t\t<\/tr>\n\t\t\n\t   \n\t\t\n\t\t\t\t\n\t\t\t\t<tr>\n\t\t\t<td><a target=\"_blank\" href=\"https:\/\/www.designwerk.com\/post\/presse\/designwerk-bricht-megawattstunden-grenze\/\">Designwerk bricht Megawattstunden-Grenze<\/a><\/td>\n\t\t\t<td>E-LKW<\/td>\n\t\t<\/tr>\n\t\t\n\t   \n\t\t\n\t\t\t\t\n\t\t\t\t<tr>\n\t\t\t<td><a target=\"_blank\" href=\"https:\/\/www.designwerk.com\/post\/blog\/designwerk-erfuellt-bubentraeume\/\">Designwerk erf\u00fcllt Bubentr\u00e4ume<\/a><\/td>\n\t\t\t<td>Blog<\/td>\n\t\t<\/tr>\n\t\t\n\t   \n\t\t\n\t\t\t\t\n\t\t\t\t<tr>\n\t\t\t<td><a target=\"_blank\" href=\"https:\/\/www.designwerk.com\/post\/presse\/designwerk-bringt-erstmals-vollelektrischen-lowliner-auf-die-strasse\/\">Designwerk bringt erstmals vollelektrischen Lowliner auf die Strasse<\/a><\/td>\n\t\t\t<td>E-LKW<\/td>\n\t\t<\/tr>\n\t\t\n\t   \n\t\t\n\t\t\t\t\n\t\t\t\t<tr>\n\t\t\t<td><a target=\"_blank\" href=\"https:\/\/www.designwerk.com\/post\/presse\/designwerk-bringt-erstes-elektrisches-niederflurfahrzeug-auf-die-strasse\/\">Designwerk bringt erstes elektrisches Niederflurfahrzeug auf die Strasse<\/a><\/td>\n\t\t\t<td>E-LKW<\/td>\n\t\t<\/tr>\n\t\t\n\t   \n\t\t\n\t\t\t\t\n\t\t\t\t<tr>\n\t\t\t<td><a target=\"_blank\" href=\"https:\/\/www.designwerk.com\/post\/presse\/verkaufsstart-des-ersten-vollwertigen-vollelektrischen-kanalreinigungsfahrzeugs\/\">Verkaufsstart des ersten vollwertigen, vollelektrischen Kanalreinigungsfahrzeugs<\/a><\/td>\n\t\t\t<td>E-LKW<\/td>\n\t\t<\/tr>\n\t\t\n\t   \n\t\t\n\t\t\t\t\n\t\t\t\t<tr>\n\t\t\t<td><a target=\"_blank\" href=\"https:\/\/www.designwerk.com\/post\/presse\/elektromobilitaetsexperte-designwerk-schaerft-profil-und-erstrahlt-in-neuem-kleid\/\">Elektromobilit\u00e4tsexperte Designwerk sch\u00e4rft Profil und erstrahlt in neuem Kleid<\/a><\/td>\n\t\t\t<td>Presse<\/td>\n\t\t<\/tr>\n\t\t\n\t   \n\t\t\n\t\t\t\t\n\t\t\t\t<tr>\n\t\t\t<td><a target=\"_blank\" href=\"https:\/\/www.designwerk.com\/post\/presse\/inbetriebnahme-des-weltweit-ersten-vollelektrischen-autotransporters\/\">Inbetriebnahme des weltweit ersten vollelektrischen Autotransporters<\/a><\/td>\n\t\t\t<td>E-LKW<\/td>\n\t\t<\/tr>\n\t\t\n\t   \n\t\t\n\t\t\t\t\n\t\t\t\t<tr>\n\t\t\t<td><a target=\"_blank\" href=\"https:\/\/www.designwerk.com\/post\/blog\/designwerk-an-der-ifat-in-muenchen\/\">Designwerk an der IFAT in M\u00fcnchen<\/a><\/td>\n\t\t\t<td>Blog<\/td>\n\t\t<\/tr>\n\t\t\n\t   \n\t\t\n\t\t\t\t\n\t\t\t\t<tr>\n\t\t\t<td><a target=\"_blank\" href=\"https:\/\/www.designwerk.com\/post\/blog\/designwerk-startet-in-den-messeherbst-besuchen-sie-uns\/\">Designwerk startet in den Messeherbst \u2013 Besuchen Sie uns!<\/a><\/td>\n\t\t\t<td>Blog<\/td>\n\t\t<\/tr>\n\t\t\n\t   \n\t\t\n\t\t\t\t\n\t\t\t\t<tr>\n\t\t\t<td><a target=\"_blank\" href=\"https:\/\/www.designwerk.com\/post\/presse\/doppelte-weltpremiere-vier-schweizer-pioniere-praesentieren-elektrische-lastwagen-mit-einzigartiger-batterieleistung\/\">Doppelte Weltpremiere: Vier Schweizer Pioniere pr\u00e4sentieren elektrische Lastwagen mit einzigartiger Batterieleistung<\/a><\/td>\n\t\t\t<td>E-LKW<\/td>\n\t\t<\/tr>\n\t\t\n\t   \n\t\t\n\t\t\t\t\n\t\t\t\t<tr>\n\t\t\t<td><a target=\"_blank\" href=\"https:\/\/www.designwerk.com\/post\/presse\/futuricum-elektro-lkw-gewinnen-green-business-award-2021\/\">Futuricum E-LKWs gewinnen Green Business Award 2021<\/a><\/td>\n\t\t\t<td>E-LKW<\/td>\n\t\t<\/tr>\n\t\t\n\t   \n\t\t\n\t\t\t\t\n\t\t\t\t<tr>\n\t\t\t<td><a target=\"_blank\" href=\"https:\/\/www.designwerk.com\/post\/presse\/dpd-schweiz-futuricum-und-continental-setzen-mit-weltrekord-ein-zeichen-fuer-e-mobilitaet-im-transportsektor\/\">DPD Schweiz, Futuricum und Continental setzen mit Weltrekord ein Zeichen f\u00fcr E-Mobilit\u00e4t im Transportsektor<\/a><\/td>\n\t\t\t<td>E-LKW<\/td>\n\t\t<\/tr>\n\t\t\n\t   \n\t\t\n\t\t\t\t\n\t\t\t\t<tr>\n\t\t\t<td><a target=\"_blank\" href=\"https:\/\/www.designwerk.com\/post\/blog\/effiziente-reifen-fuer-reichweiten-rekord-unser-futuricum-nimmt-bei-weniger-widerstand-fahrt-auf\/\">Effiziente Reifen f\u00fcr Reichweiten Rekord: Unser Futuricum nimmt bei weniger Widerstand Fahrt auf<\/a><\/td>\n\t\t\t<td>Blog<\/td>\n\t\t<\/tr>\n\t\t\n\t   \n\t\t\n\t\t\t\t\n\t\t\t\t<tr>\n\t\t\t<td><a target=\"_blank\" href=\"https:\/\/www.designwerk.com\/post\/blog\/reichweiten-rekordversuch-mit-elektro-lkw-schaffen-wir-1000-km-ohne-zwischenladung\/\">Reichweiten Rekordversuch mit Elektro-LKW: Schaffen wir 1\u2019000 km ohne Zwischenladung?<\/a><\/td>\n\t\t\t<td>Blog<\/td>\n\t\t<\/tr>\n\t\t\n\t   \n\t\t\n\t\t\t\t\n\t\t\t\t<tr>\n\t\t\t<td><a target=\"_blank\" href=\"https:\/\/www.designwerk.com\/post\/blog\/wie-sind-batteriesysteme-aufgebaut\/\">Wie sind Batteriesysteme aufgebaut?<\/a><\/td>\n\t\t\t<td>Batteriesysteme<\/td>\n\t\t<\/tr>\n\t\t\n\t   \n\t\t\n\t\t\t\t\n\t\t\t\t<tr>\n\t\t\t<td><a target=\"_blank\" href=\"https:\/\/www.designwerk.com\/post\/presse\/der-elektromobilitaetsspezialist-designwerk-gewinnt-volvo-als-hauptinvestor\/\">Der Elektromobilit\u00e4tsspezialist Designwerk gewinnt Volvo als Hauptinvestor<\/a><\/td>\n\t\t\t<td>Presse<\/td>\n\t\t<\/tr>\n\t\t\n\t   \n\t\t\n\t\t\t\t\n\t\t\t\t<tr>\n\t\t\t<td><a target=\"_blank\" href=\"https:\/\/www.designwerk.com\/post\/presse\/premiere-europas-kapazitaetsstaerkste-lkw-batterie-treibt-jetzt-im-alltagseinsatz-e-logistik-truck-auf-schweizer-strassen-an\/\">Premiere: Europas kapazit\u00e4tsst\u00e4rkste LKW-Batterie treibt jetzt im Alltagseinsatz E-Logistik-Truck auf Schweizer Strassen an<\/a><\/td>\n\t\t\t<td>E-LKW<\/td>\n\t\t<\/tr>\n\t\t\n\t   \n\t\t\n\t\t\t\t\n\t\t\t\t<tr>\n\t\t\t<td><a target=\"_blank\" href=\"https:\/\/www.designwerk.com\/post\/presse\/futuricum-e-fahrmischer-fuer-nachhaltigen-betontransport\/\">Futuricum E-Fahrmischer f\u00fcr nachhaltigen Betontransport<\/a><\/td>\n\t\t\t<td>Baulogistik<\/td>\n\t\t<\/tr>\n\t\t\n\t   \n\t\t\n\t\t\t\t\n\t\t\t\t<tr>\n\t\t\t<td><a target=\"_blank\" href=\"https:\/\/www.designwerk.com\/post\/presse\/astra-bewilligt-bau-von-e-lkw-mit-ueberlaenge\/\">ASTRA bewilligt Bau von E-LKW mit \u00dcberl\u00e4nge<\/a><\/td>\n\t\t\t<td>E-LKW<\/td>\n\t\t<\/tr>\n\t\t\n\t   \n\t\t\n\t\t\t\t\n\t\t\t\t<tr>\n\t\t\t<td><a target=\"_blank\" href=\"https:\/\/www.designwerk.com\/post\/presse\/bundesraetin-simonetta-sommaruga-besucht-schweizer-elektromobilitaets-pioniere\/\">Bundesr\u00e4tin Simonetta Sommaruga besucht Schweizer Elektromobilit\u00e4ts-Pioniere<\/a><\/td>\n\t\t\t<td>E-LKW<\/td>\n\t\t<\/tr>\n\t\t\n\t   \n\t\t\n\t\t\t\t\n\t\t\t\t<tr>\n\t\t\t<td><a target=\"_blank\" href=\"https:\/\/www.designwerk.com\/post\/presse\/erste-vollelektrische-betonfahrmischer-an-holcim-ausgeliefert\/\">Erste vollelektrische Betonfahrmischer an Holcim ausgeliefert<\/a><\/td>\n\t\t\t<td>Baulogistik<\/td>\n\t\t<\/tr>\n\t\t\n\t   \n\t\t\n\t\t\t\t\n\t\t\t\t<tr>\n\t\t\t<td><a target=\"_blank\" href=\"https:\/\/www.designwerk.com\/post\/presse\/designwerk-baut-partnerschaft-mit-volvo-trucks-aus\/\">Designwerk baut Partnerschaft mit Volvo Trucks aus<\/a><\/td>\n\t\t\t<td>E-LKW<\/td>\n\t\t<\/tr>\n\t\t\n\t   \n\t\t\n\t\t\t\t\n\t\t\t\t<tr>\n\t\t\t<td><a target=\"_blank\" href=\"https:\/\/www.designwerk.com\/post\/presse\/faun-uebernimmt-europa-vertrieb-von-futuricum-e-trucks\/\">FAUN \u00fcbernimmt Europa-Vertrieb von Futuricum E-Trucks<\/a><\/td>\n\t\t\t<td>E-LKW<\/td>\n\t\t<\/tr>\n\t\t\n\t   \n\t\t\n\t\t\t\t\n\t\t\t\t<tr>\n\t\t\t<td><a target=\"_blank\" href=\"https:\/\/www.designwerk.com\/post\/presse\/basel-erhaelt-erstes-elektrisches-muellfahrzeug\/\">Basel erh\u00e4lt erstes elektrisches M\u00fcllfahrzeug<\/a><\/td>\n\t\t\t<td>E-LKW<\/td>\n\t\t<\/tr>\n\t\t\n\t   \n\t\t\n\t\t\t\t\n\t\t\t\t<tr>\n\t\t\t<td><a target=\"_blank\" href=\"https:\/\/www.designwerk.com\/post\/presse\/elektrisches-abfallsammelfahrzeug-fuer-duisburg\/\">Elektrisches Abfallsammelfahrzeug f\u00fcr Duisburg<\/a><\/td>\n\t\t\t<td>E-LKW<\/td>\n\t\t<\/tr>\n\t\t\n\t   \n\t\t\n\t\t\t\t\n\t\t\t\t<tr>\n\t\t\t<td><a target=\"_blank\" href=\"https:\/\/www.designwerk.com\/post\/presse\/designwerk-schliesst-servicepartnerschaft-mit-larag\/\">Designwerk schliesst Servicepartnerschaft mit LARAG<\/a><\/td>\n\t\t\t<td>E-LKW<\/td>\n\t\t<\/tr>\n\t\t\n\t   \n\t\t\n\t\t\t\t\n\t\t\t\t<tr>\n\t\t\t<td><a target=\"_blank\" href=\"https:\/\/www.designwerk.com\/post\/presse\/elektrisches-muellfahrzeug-fuer-genfs-strassen\/\">Elektrisches M\u00fcllfahrzeug f\u00fcr Genfs Strassen<\/a><\/td>\n\t\t\t<td>E-LKW<\/td>\n\t\t<\/tr>\n\t\t\n\t   \n\t\t\n\t\t\t\t\n\t\t\t\t<tr>\n\t\t\t<td><a target=\"_blank\" href=\"https:\/\/www.designwerk.com\/post\/blog\/designwerk-unterstuetzt-weltrekord-versuche-mit-einem-elektrischen-flugzeug\/\">Designwerk unterst\u00fctzt Weltrekord-Versuche mit einem elektrischen Flugzeug<\/a><\/td>\n\t\t\t<td>Blog<\/td>\n\t\t<\/tr>\n\t\t\n\t   \n\t\t\n\t\t\t\t\n\t\t\t\t<tr>\n\t\t\t<td><a target=\"_blank\" href=\"https:\/\/www.designwerk.com\/post\/presse\/designwerk-ergaenzt-portfolio-mit-einem-elektrischen-low-entry-fahrzeug\/\">Designwerk erg\u00e4nzt das Produktportfolio mit einem elektrischen Low-Entry Fahrzeug<\/a><\/td>\n\t\t\t<td>E-LKW<\/td>\n\t\t<\/tr>\n\t\t\n\t   \n\t\t\n\t\t\t\t\n\t\t\t\t<tr>\n\t\t\t<td><a target=\"_blank\" href=\"https:\/\/www.designwerk.com\/post\/blog\/der-e-truck-der-stadt-winterthur-ist-ein-hingucker\/\">Der E-Truck der Stadt Winterthur ist ein Hingucker<\/a><\/td>\n\t\t\t<td>Blog<\/td>\n\t\t<\/tr>\n\t\t\n\t   \n\t\t\n\t\t\t\t\n\t\t\t\t<tr>\n\t\t\t<td><a target=\"_blank\" href=\"https:\/\/www.designwerk.com\/post\/presse\/dpd-schweiz-beschafft-futuricum-e-lkw\/\">DPD Schweiz beschafft Futuricum E-LKW<\/a><\/td>\n\t\t\t<td>E-LKW<\/td>\n\t\t<\/tr>\n\t\t\n\t   \n\t\t\n\t\t\t\t\n\t\t\t\t<tr>\n\t\t\t<td><a target=\"_blank\" href=\"https:\/\/www.designwerk.com\/post\/presse\/designwerk-entwickelt-neu-als-aktiengesellschaft\/\">Designwerk entwickelt neu als Aktiengesellschaft<\/a><\/td>\n\t\t\t<td>Presse<\/td>\n\t\t<\/tr>\n\t\t\n\t   \n\t\t\n\t\t\t\t\n\t\t\t\t<tr>\n\t\t\t<td><a target=\"_blank\" href=\"https:\/\/www.designwerk.com\/post\/presse\/emissionsfrei-beton-liefern-dank-vollelektrischem-fahrmischer\/\">Emissionsfrei Beton liefern dank vollelektrischem Fahrmischer<\/a><\/td>\n\t\t\t<td>Baulogistik<\/td>\n\t\t<\/tr>\n\t\t\n\t   \n\t\t\n\t\t\t\t\n\t\t\t\t<tr>\n\t\t\t<td><a target=\"_blank\" href=\"https:\/\/www.designwerk.com\/post\/presse\/holcim-setzt-auf-erste-vollelektrische-5-achs-betonfahrmischer\/\">Holcim setzt auf erste vollelektrische 5-Achs-Betonfahrmischer<\/a><\/td>\n\t\t\t<td>Baulogistik<\/td>\n\t\t<\/tr>\n\t\t\n\t   \n\t\t\n\t\t\t\t\n\t\t\t\t<tr>\n\t\t\t<td><a target=\"_blank\" href=\"https:\/\/www.designwerk.com\/post\/presse\/designwerk-lanciert-mobile-schnellladegeraete-der-dritten-generation\/\">Designwerk lanciert mobile Ladeger\u00e4te der dritten Generation<\/a><\/td>\n\t\t\t<td>Ladeger\u00e4te<\/td>\n\t\t<\/tr>\n\t\t\n\t   \n\t\t\n\t\t\t\t\n\t\t\t\t<tr>\n\t\t\t<td><a target=\"_blank\" href=\"https:\/\/www.designwerk.com\/post\/presse\/elektrische-muellfahrzeuge-fuer-basel-kommen-von-futuricum\/\">Elektrische M\u00fcllfahrzeuge f\u00fcr Basel kommen von Futuricum<\/a><\/td>\n\t\t\t<td>E-LKW<\/td>\n\t\t<\/tr>\n\t\t\n\t   \n\t\t\n\t\t\t\t\n\t\t\t\t<tr>\n\t\t\t<td><a target=\"_blank\" href=\"https:\/\/www.designwerk.com\/post\/presse\/designwerk-auszeichnung-watt-dor-2020\/\">Designwerk mit nationalem Energiepreis \u00abWatt d\u2019Or\u00bb ausgezeichnet<\/a><\/td>\n\t\t\t<td>E-LKW<\/td>\n\t\t<\/tr>\n\t\t\n\t   \n\t\t\n\t\t\t\t\n\t\t\t\t<tr>\n\t\t\t<td><a target=\"_blank\" href=\"https:\/\/www.designwerk.com\/post\/presse\/stellenschafferpreis-winterthur-designwerk-platz-2\/\">Designwerk belegt den 2. Platz beim Stellenschafferpreis<\/a><\/td>\n\t\t\t<td>Blog<\/td>\n\t\t<\/tr>\n\t\t\n\t   \n\t\t\n\t\t\t\t\n\t\t\t\t<tr>\n\t\t\t<td><a target=\"_blank\" href=\"https:\/\/www.designwerk.com\/post\/blog\/erfahrungen-mit-dem-futuricum-collect-26e-der-haldimann-ag\/\">Erfahrungen mit dem Futuricum Collect 26E der Haldimann AG<\/a><\/td>\n\t\t\t<td>Blog<\/td>\n\t\t<\/tr>\n\t\t\n\t   \n\t\t\n\t\t\t\t\n\t\t\t\t<tr>\n\t\t\t<td><a target=\"_blank\" href=\"https:\/\/www.designwerk.com\/post\/presse\/nagel-group-testet-erstmals-elektrischen-40-tonner-in-der-kuehllogistik\/\">Nagel-Group testet erstmals elektrischen 40-Tonner in der K\u00fchllogistik<\/a><\/td>\n\t\t\t<td>E-LKW<\/td>\n\t\t<\/tr>\n\t\t\n\t   \n\t\t\n\t\t\t\t\n\t\t\t\t<tr>\n\t\t\t<td><a target=\"_blank\" href=\"https:\/\/www.designwerk.com\/post\/blog\/an-der-batterie-technologie-wird-die-e-mobilitaet-nicht-scheitern\/\">\u00abAn der Batterie-Technologie wird die E-Mobilit\u00e4t nicht scheitern\u00bb<\/a><\/td>\n\t\t\t<td>Batteriesysteme<\/td>\n\t\t<\/tr>\n\t\t\n\t   \n\t\t\n\t\t\t\t\n\t\t\t\t<tr>\n\t\t\t<td><a target=\"_blank\" href=\"https:\/\/www.designwerk.com\/post\/presse\/industriekundenvertrag-mit-der-bmw-group\/\">Designwerk schliesst Industriekundenvertrag mit der BMW Group ab<\/a><\/td>\n\t\t\t<td>Batteriesysteme<\/td>\n\t\t<\/tr>\n\t\t\n\t   \n\t\t\n\t\t\t\t\n\t\t\t\t<tr>\n\t\t\t<td><a target=\"_blank\" href=\"https:\/\/www.designwerk.com\/post\/blog\/futuricum-rollt-nach-bern-transport-ch\/\">Futuricum rollt nach Bern<\/a><\/td>\n\t\t\t<td>Blog<\/td>\n\t\t<\/tr>\n\t\t\n\t   \n\t\t\n\t\t\t\t\n\t\t\t\t<tr>\n\t\t\t<td><a target=\"_blank\" href=\"https:\/\/www.designwerk.com\/post\/presse\/designwerk-an-der-emove360-2019\/\">Designwerk an der eMove360\u00b0 vom 15. \u2013 17. Oktober 2019 in M\u00fcnchen<\/a><\/td>\n\t\t\t<td>Events<\/td>\n\t\t<\/tr>\n\t\t\n\t   \n\t\t\n\t\t\t\t\n\t\t\t\t<tr>\n\t\t\t<td><a target=\"_blank\" href=\"https:\/\/www.designwerk.com\/post\/presse\/batteriewerk-im-aufwind\/\">Batteriewerk im Aufwind<\/a><\/td>\n\t\t\t<td>Batteriesysteme<\/td>\n\t\t<\/tr>\n\t\t\n\t   \n\t\t\n\t\t\t\t\n\t\t\t\t<tr>\n\t\t\t<td><a target=\"_blank\" href=\"https:\/\/www.designwerk.com\/post\/presse\/designwerk-oeffnet-seine-tore-und-praesentiert-elektrischen-40-tonnen-sattelschlepper\/\">Designwerk pr\u00e4sentiert elektrischen 40-Tonnen-Sattelschlepper<\/a><\/td>\n\t\t\t<td>E-LKW<\/td>\n\t\t<\/tr>\n\t\t\n\t   \n\t\t\n\t\t\t\t\n\t\t\t\t<tr>\n\t\t\t<td><a target=\"_blank\" href=\"https:\/\/www.designwerk.com\/post\/blog\/tage-der-offenen-tueren-2019\/\">Tage der offenen T\u00fcr<\/a><\/td>\n\t\t\t<td>Blog<\/td>\n\t\t<\/tr>\n\t\t\n\t   \n\t\t\n\t\t\t\t\n\t\t\t\t<tr>\n\t\t\t<td><a target=\"_blank\" href=\"https:\/\/www.designwerk.com\/post\/presse\/vom-auftragsentwickler-zum-werk-fuer-elektromobilitaet\/\">Vom Auftragsentwickler zum Werk f\u00fcr Elektromobilit\u00e4t<\/a><\/td>\n\t\t\t<td>E-LKW<\/td>\n\t\t<\/tr>\n\t\t\n\t   \n\t\t\n\t\t\t\t\n\t\t\t\t<tr>\n\t\t\t<td><a target=\"_blank\" href=\"https:\/\/www.designwerk.com\/post\/blog\/testfahrt_futuricum_elektrisches_muellfahrzeug\/\">Lautlose Fahrt von den Thuner Alpen nach Frankfurt<\/a><\/td>\n\t\t\t<td>Blog<\/td>\n\t\t<\/tr>\n\t\t\n\t   \n\t\t\n\t\t\t\t\n\t\t\t\t<tr>\n\t\t\t<td><a target=\"_blank\" href=\"https:\/\/www.designwerk.com\/post\/presse\/selbst-die-muellabfuhr-faehrt-elektrisch-anwil-experiment\/\">Selbst die M\u00fcllabfuhr f\u00e4hrt elektrisch<\/a><\/td>\n\t\t\t<td>E-LKW<\/td>\n\t\t<\/tr>\n\t\t\n\t   \n\t\t\n\t\t\t\t\n\t\t\t\t<tr>\n\t\t\t<td><a target=\"_blank\" href=\"https:\/\/www.designwerk.com\/post\/blog\/designwerk-an-der-formel-e-zuerich\/\">Designwerk an der Formel-E Z\u00fcrich<\/a><\/td>\n\t\t\t<td>Blog<\/td>\n\t\t<\/tr>\n\t\t\n\t   \n\t\t\n\t\t\t\t\n\t\t\t\t<tr>\n\t\t\t<td><a target=\"_blank\" href=\"https:\/\/www.designwerk.com\/post\/presse\/press-release-mdc88\/\">Mobiler Schnelllader aus Winterthur reduziert Ladezeiten von Elektrofahrzeugen<\/a><\/td>\n\t\t\t<td>Ladeger\u00e4te<\/td>\n\t\t<\/tr>\n\t\t\n\t   \n\t\t\n\t\t\t\t\n\t\t\t\t<tr>\n\t\t\t<td><a target=\"_blank\" href=\"https:\/\/www.designwerk.com\/post\/blog\/e-rallye-monte-carlo-ein-elektrisierendes-erlebnis\/\">e-Rallye Monte Carlo \u2013 Ein elektrisierendes Erlebnis<\/a><\/td>\n\t\t\t<td>Blog<\/td>\n\t\t<\/tr>\n\t\t\n\t   \n\t\t\n\t\t\t\t\n\t\t\t\t<tr>\n\t\t\t<td><a target=\"_blank\" href=\"https:\/\/www.designwerk.com\/post\/blog\/die-denkfabrik-im-neuen-look\/\">Die Denkfabrik im neuen Look<\/a><\/td>\n\t\t\t<td>Blog<\/td>\n\t\t<\/tr>\n\t\t\n\t   \n\t\t\n\t\t\t\t\n\t\t\t\t<tr>\n\t\t\t<td><a target=\"_blank\" href=\"https:\/\/www.designwerk.com\/post\/presse\/elektrolastwagen-macht-muellabfuhr-zur-sauberen-sache\/\">Designwerk pr\u00e4sentiert den ersten 26-Tonnen-E-LKW der Schweiz<\/a><\/td>\n\t\t\t<td>E-LKW<\/td>\n\t\t<\/tr>\n\t\t\n\t   \n\t\t\n\t\t\t\t\n\t\t\t\t<tr>\n\t\t\t<td><a target=\"_blank\" href=\"https:\/\/www.designwerk.com\/post\/blog\/mit-dem-e-lkw-an-der-rallye\/\">Mit dem E-LKW an der Rallye<\/a><\/td>\n\t\t\t<td>Blog<\/td>\n\t\t<\/tr>\n\t\t\n\t   \n\t\t\n\t\t\t\t\n\t\t\t\t<tr>\n\t\t\t<td><a target=\"_blank\" href=\"https:\/\/www.designwerk.com\/post\/presse\/designwerk-erweitert-linie-mobiler-schnellladegeraete\/\">Designwerk erweitert Linie mobiler Schnellladeger\u00e4te<\/a><\/td>\n\t\t\t<td>Ladeger\u00e4te<\/td>\n\t\t<\/tr>\n\t\t\n\t   \n\t\t\n\t\t \n\t\t<\/tbody>\n\t <\/table>\n\t \n\t <\/div><\/div><\/div><\/div>\n","protected":false},"excerpt":{"rendered":"","protected":false},"author":2,"featured_media":0,"parent":0,"menu_order":0,"comment_status":"closed","ping_status":"closed","template":"100-width.php","meta":{"_acf_changed":false,"footnotes":"","_members_access_role":[],"_members_access_error":""},"class_list":["post-9469","page","type-page","status-publish","hentry"],"acf":[],"_links":{"self":[{"href":"https:\/\/serviceportal.designwerk.com\/en\/wp-json\/wp\/v2\/pages\/9469","targetHints":{"allow":["GET"]}}],"collection":[{"href":"https:\/\/serviceportal.designwerk.com\/en\/wp-json\/wp\/v2\/pages"}],"about":[{"href":"https:\/\/serviceportal.designwerk.com\/en\/wp-json\/wp\/v2\/types\/page"}],"author":[{"embeddable":true,"href":"https:\/\/serviceportal.designwerk.com\/en\/wp-json\/wp\/v2\/users\/2"}],"replies":[{"embeddable":true,"href":"https:\/\/serviceportal.designwerk.com\/en\/wp-json\/wp\/v2\/comments?post=9469"}],"version-history":[{"count":29,"href":"https:\/\/serviceportal.designwerk.com\/en\/wp-json\/wp\/v2\/pages\/9469\/revisions"}],"predecessor-version":[{"id":12414,"href":"https:\/\/serviceportal.designwerk.com\/en\/wp-json\/wp\/v2\/pages\/9469\/revisions\/12414"}],"wp:attachment":[{"href":"https:\/\/serviceportal.designwerk.com\/en\/wp-json\/wp\/v2\/media?parent=9469"}],"curies":[{"name":"wp","href":"https:\/\/api.w.org\/{rel}","templated":true}]}}